{"id":274029,"date":"2021-10-03T10:14:32","date_gmt":"2021-10-03T10:14:32","guid":{"rendered":"https:\/\/arquitud.es\/?page_id=274029"},"modified":"2021-10-03T10:22:19","modified_gmt":"2021-10-03T10:22:19","slug":"obra-nueva","status":"publish","type":"page","link":"https:\/\/arquitud.es\/?page_id=274029","title":{"rendered":"Obra nueva"},"content":{"rendered":"\n[et_pb_section fb_built=\u00bb1&#8243; fullwidth=\u00bbon\u00bb disabled_on=\u00bboff|off|off\u00bb admin_label=\u00bbHero\u00bb _builder_version=\u00bb4.8.1&#8243; background_enable_color=\u00bboff\u00bb parallax=\u00bbon\u00bb custom_padding=\u00bb|||\u00bb transparent_background=\u00bbon\u00bb global_colors_info=\u00bb{}\u00bb][et_pb_fullwidth_header title=\u00bbCONSTRUYE TUS SUE\u00d1OS\u00bb text_orientation=\u00bbcenter\u00bb header_fullscreen=\u00bbon\u00bb header_scroll_down=\u00bbon\u00bb scroll_down_icon=\u00bb%%0%%\u00bb scroll_down_icon_color=\u00bb#ffffff\u00bb scroll_down_icon_size=\u00bb32px\u00bb background_overlay_color=\u00bbrgba(110,21,127,0.06)\u00bb content_max_width=\u00bb1900px\u00bb subhead_font_color=\u00bb#bebebe\u00bb _builder_version=\u00bb4.8.1&#8243; title_font=\u00bbLato|900|||||||\u00bb title_text_align=\u00bbcenter\u00bb title_text_color=\u00bb#6e157f\u00bb title_font_size=\u00bb70px\u00bb title_letter_spacing=\u00bb10px\u00bb title_line_height=\u00bb1.5em\u00bb content_font=\u00bbMontserrat||||\u00bb content_text_color=\u00bb#bfbfbf\u00bb content_font_size=\u00bb19px\u00bb content_line_height=\u00bb1.8em\u00bb subhead_font=\u00bbMontserrat||||\u00bb subhead_text_color=\u00bb#bebebe\u00bb subhead_line_height=\u00bb1.8em\u00bb background_color=\u00bbrgba(255,255,255,0)\u00bb background_image=\u00bbhttps:\/\/arquitud.es\/wp-content\/uploads\/2020\/12\/slide-background-1.jpg\u00bb parallax=\u00bbon\u00bb custom_button_one=\u00bbon\u00bb button_one_text_size=\u00bb15px\u00bb button_one_text_color=\u00bb#ffffff\u00bb button_one_border_width=\u00bb2px\u00bb button_one_border_color=\u00bb#ffffff\u00bb button_one_border_radius=\u00bb0px\u00bb button_one_letter_spacing=\u00bb1px\u00bb button_one_font=\u00bbMontserrat|||on|\u00bb button_one_use_icon=\u00bboff\u00bb custom_button_two=\u00bbon\u00bb button_two_text_size=\u00bb15px\u00bb button_two_text_color=\u00bb#ffffff\u00bb button_two_bg_color=\u00bb#c39d63&#8243; button_two_border_width=\u00bb2px\u00bb button_two_border_color=\u00bb#c39d63&#8243; button_two_border_radius=\u00bb0px\u00bb button_two_letter_spacing=\u00bb1px\u00bb button_two_font=\u00bbMontserrat|||on|\u00bb button_two_use_icon=\u00bboff\u00bb animation_style=\u00bbzoom\u00bb animation_duration=\u00bb1500ms\u00bb animation_intensity_zoom=\u00bb4%\u00bb title_font_size_tablet=\u00bb55px\u00bb title_font_size_phone=\u00bb34px\u00bb title_font_size_last_edited=\u00bbon|phone\u00bb title_letter_spacing_tablet=\u00bb\u00bb title_letter_spacing_phone=\u00bb2px\u00bb title_letter_spacing_last_edited=\u00bbon|phone\u00bb title_line_height_last_edited=\u00bboff|desktop\u00bb button_one_border_radius_hover=\u00bb0px\u00bb button_one_letter_spacing_hover=\u00bb1px\u00bb button_two_letter_spacing_hover=\u00bb1px\u00bb global_colors_info=\u00bb{}\u00bb button_one_text_size__hover_enabled=\u00bboff\u00bb button_two_text_size__hover_enabled=\u00bboff\u00bb button_one_text_color__hover_enabled=\u00bboff\u00bb button_two_text_color__hover_enabled=\u00bboff\u00bb button_one_border_width__hover_enabled=\u00bboff\u00bb button_two_border_width__hover_enabled=\u00bboff\u00bb button_one_border_color__hover_enabled=\u00bboff\u00bb button_two_border_color__hover_enabled=\u00bboff\u00bb button_one_border_radius__hover_enabled=\u00bbon\u00bb button_one_border_radius__hover=\u00bb0px\u00bb button_two_border_radius__hover_enabled=\u00bboff\u00bb button_one_letter_spacing__hover_enabled=\u00bbon\u00bb button_one_letter_spacing__hover=\u00bb1px\u00bb button_two_letter_spacing__hover_enabled=\u00bbon\u00bb button_two_letter_spacing__hover=\u00bb1px\u00bb button_one_bg_color__hover_enabled=\u00bboff\u00bb button_two_bg_color__hover_enabled=\u00bboff\u00bb][\/et_pb_fullwidth_header][\/et_pb_section][et_pb_section fb_built=\u00bb1&#8243; custom_padding_last_edited=\u00bbon|phone\u00bb admin_label=\u00bbFeatures\u00bb _builder_version=\u00bb4.7.7&#8243; background_color=\u00bb#dfdfdf\u00bb custom_padding=\u00bb70px|0px|70px|0px|true|\u00bb custom_padding_tablet=\u00bb\u00bb custom_padding_phone=\u00bb30px||30px||true|false\u00bb global_colors_info=\u00bb{}\u00bb][et_pb_row _builder_version=\u00bb3.25&#8243; custom_margin=\u00bb|||\u00bb global_colors_info=\u00bb{}\u00bb][et_pb_column type=\u00bb4_4&#8243; _builder_version=\u00bb3.25&#8243; custom_padding=\u00bb|||\u00bb global_colors_info=\u00bb{}\u00bb custom_padding__hover=\u00bb|||\u00bb][et_pb_text _builder_version=\u00bb4.7.7&#8243; text_font=\u00bbLato|700|||||||\u00bb text_text_color=\u00bb#898f99&#8243; text_font_size=\u00bb16px\u00bb text_line_height=\u00bb2em\u00bb header_font=\u00bb||||||||\u00bb header_2_font=\u00bbLato||||||||\u00bb header_2_text_color=\u00bb#6e157e\u00bb header_2_font_size=\u00bb50px\u00bb header_2_line_height=\u00bb1.5em\u00bb header_6_text_color=\u00bb#000000&#8243; header_6_letter_spacing=\u00bb9px\u00bb text_orientation=\u00bbcenter\u00bb max_width=\u00bb800px\u00bb module_alignment=\u00bbcenter\u00bb custom_padding=\u00bb||0px|||\u00bb text_line_height_tablet=\u00bb\u00bb text_line_height_phone=\u00bb1.4em\u00bb text_line_height_last_edited=\u00bbon|phone\u00bb header_2_font_size_tablet=\u00bb\u00bb header_2_font_size_phone=\u00bb28px\u00bb header_2_font_size_last_edited=\u00bbon|phone\u00bb locked=\u00bboff\u00bb global_colors_info=\u00bb{}\u00bb]<h1 style=\"text-align: center;\"><span style=\"font-size: xx-large;\">Obra nueva en Granada y Marbella<\/span><\/h1>\n<h2 style=\"text-align: center;\"><span style=\"font-size: x-large;\">Construcci\u00f3n de viviendas de obra nueva en Granada y Marbella<\/span><\/h2>\n<p>Arquitud ofrece opciones de construcci\u00f3n de viviendas, pisos y casas de obra nueva en Granada y Marbella para todos los gustos y necesidades. Arquitud es un equipo de profesionales especializados en las obras de construcci\u00f3n de edificaci\u00f3n, tales como viviendas particulares, instituciones o marcas. Garantizamos afrontar proyectos globales con plazos y costes sin sorpresas.\u00a0<\/p>\n<p>En cada una de las reformas que hacemos tenemos una cosa muy clara: que tu satisfacci\u00f3n debe ser del 100% durante todo el proceso. Y es por eso que somos m\u00e1s que profesionales de la construcci\u00f3n. Estaremos contigo para asesorarte de forma personalizada desde el dise\u00f1o hasta la ejecuci\u00f3n de tu reforma, para sacarle el m\u00e1ximo potencial a la obra. Sin sobrecostes y sin demoras.\u00a0<\/p>\n<p>Contamos con profesionales titulados en sus \u00e1mbitos para planificar, desarrollar y controlar cada paso en tu proyecto de construcci\u00f3n. En Arquitud construimos las mejores viviendas de obra nueva en Granada y Marbella.\u00a0<\/p>\n<p>Realizamos remodelaciones integrales de espacios, convirti\u00e9ndolos en lugares exclusivos y \u00fanicos, donde las soluciones inmediatas, el cumplimiento de los plazos de entrega y los acabados inmejorables son nuestra meta.\u00a0<\/p>\n<p>La calidad de los materiales que seleccionamos para la renovaci\u00f3n de tu inmueble es fundamental para asegurar el mejor resultado, utilizando las mejores marcas del mercado, nacional e internacional, ponemos nuestra m\u00e1xima atenci\u00f3n al m\u00e1s m\u00ednimo detalle en tu proyecto de reforma integral de edificaci\u00f3n. En los interiores de tu vivienda de obra nueva en Granada y Marbella notar\u00e1s que empleamos los materiales de la m\u00e1s alta calidad, lo que permite la m\u00e1xima durabilidad y seguridad en sus estructuras.\u00a0<\/p>\n<p>Nos caracterizamos por ser un grupo de profesionales multidisplinar altamente cualificados para abarcar todo el proceso de desarrollo y ejecuci\u00f3n, incluida la gesti\u00f3n de licencias.<\/p>\n<p>\u00a0Consideramos la realizaci\u00f3n de una obra de nueva creaci\u00f3n como un incre\u00edble proyecto que supone implicarse en cada uno de los pasos desde cero y llevarlo hasta el final, con el mismo entusiasmo y cuidado en todo el proceso, para lo que contamos con un equipo perfectamente coordinado.<\/p>\n<p>\u00a0Nos adaptamos a los gustos, necesidades y recursos del cliente, estamos aqu\u00ed para ti y tu inmueble. Arquitud construye sus pisos y las mejores casas de obra nueva en suelo granadino y marbell\u00ed.<\/p>[\/et_pb_text][\/et_pb_column][\/et_pb_row][\/et_pb_section][et_pb_section fb_built=\u00bb1&#8243; admin_label=\u00bbSplit Section\u00bb _builder_version=\u00bb3.22&#8243; custom_padding=\u00bb0px||0px|\u00bb animation_style=\u00bbfold\u00bb animation_direction=\u00bbbottom\u00bb animation_intensity_fold=\u00bb4%\u00bb global_colors_info=\u00bb{}\u00bb][et_pb_row column_structure=\u00bb1_2,1_2&#8243; use_custom_gutter=\u00bbon\u00bb gutter_width=\u00bb1&#8243; make_equal=\u00bbon\u00bb module_class=\u00bb et_pb_row_fullwidth\u00bb _builder_version=\u00bb4.7.7&#8243; background_size=\u00bbinitial\u00bb background_position=\u00bbtop_left\u00bb background_repeat=\u00bbrepeat\u00bb width=\u00bb100%\u00bb width_tablet=\u00bb100%\u00bb width_phone=\u00bb\u00bb width_last_edited=\u00bbon|desktop\u00bb max_width=\u00bb100%\u00bb max_width_tablet=\u00bb100%\u00bb max_width_phone=\u00bb\u00bb max_width_last_edited=\u00bbon|desktop\u00bb custom_margin=\u00bb0px||0px|\u00bb custom_padding=\u00bb0px||0px|\u00bb make_fullwidth=\u00bbon\u00bb global_colors_info=\u00bb{}\u00bb][et_pb_column type=\u00bb1_2&#8243; _builder_version=\u00bb4.7.7&#8243; background_image=\u00bbhttps:\/\/arquitud.es\/wp-content\/uploads\/2020\/12\/home14-section1.jpg\u00bb background_position=\u00bbcenter_right\u00bb custom_padding=\u00bb|||\u00bb custom_padding_tablet=\u00bb212px||212px||true|false\u00bb custom_padding_phone=\u00bb50px||50px||true|false\u00bb custom_padding_last_edited=\u00bbon|phone\u00bb global_colors_info=\u00bb{}\u00bb custom_padding__hover=\u00bb|||\u00bb][et_pb_text _builder_version=\u00bb4.6.5&#8243; _module_preset=\u00bbdefault\u00bb min_height_tablet=\u00bb\u00bb min_height_phone=\u00bb\u00bb min_height_last_edited=\u00bbon|phone\u00bb height=\u00bb230px\u00bb global_colors_info=\u00bb{}\u00bb][\/et_pb_text][\/et_pb_column][et_pb_column type=\u00bb1_2&#8243; _builder_version=\u00bb4.7.7&#8243; background_color=\u00bb#DFDFDF\u00bb background_position=\u00bbtop_left\u00bb custom_padding=\u00bb5%|6%|4%|6%|false|false\u00bb global_colors_info=\u00bb{}\u00bb custom_padding__hover=\u00bb|||\u00bb][et_pb_blurb title=\u00bbMISI\u00d3N:\u00bb image=\u00bbhttps:\/\/arquitud.es\/wp-content\/uploads\/2020\/12\/icon-target.png\u00bb icon_placement=\u00bbleft\u00bb image_max_width=\u00bb51px\u00bb content_max_width=\u00bb100%\u00bb _builder_version=\u00bb4.7.7&#8243; header_font=\u00bbLato|700||on|||||\u00bb header_text_color=\u00bb#000000&#8243; header_font_size=\u00bb15px\u00bb header_letter_spacing=\u00bb3px\u00bb header_line_height=\u00bb1.4em\u00bb body_font=\u00bbLato||||||||\u00bb body_text_color=\u00bb#000000&#8243; body_font_size=\u00bb15px\u00bb body_line_height=\u00bb1.8em\u00bb background_enable_color=\u00bboff\u00bb background_layout=\u00bbdark\u00bb custom_margin=\u00bb|||\u00bb custom_padding=\u00bb12px|12px|12px|12px|false|true\u00bb animation=\u00bboff\u00bb border_color_all=\u00bb#3c39e6&#8243; border_color_top=\u00bbrgba(0,0,0,0)\u00bb global_colors_info=\u00bb{}\u00bb]<p style=\"text-align: left;\"><span>Lo m\u00e1s importante para nosotros son las personas. Nuestra confianza en nosotros mismos hace que dominemos nuestro oficio, y por ello debemos dar un paso m\u00e1s. El trato cercano, la actitud positiva frente a nuevos retos es la luz que nos gu\u00eda. Damos valor a aquello que hacemos fruto del trabajo en equipo con la Direcci\u00f3n Facultativa y propiedad.<\/span><\/p>[\/et_pb_blurb][et_pb_blurb title=\u00bbVISI\u00d3N:\u00bb image=\u00bbhttps:\/\/arquitud.es\/wp-content\/uploads\/2020\/12\/icon-look.png\u00bb icon_placement=\u00bbleft\u00bb image_max_width=\u00bb51px\u00bb content_max_width=\u00bb100%\u00bb _builder_version=\u00bb4.7.7&#8243; header_font=\u00bbLato|700||on|||||\u00bb header_text_color=\u00bb#000000&#8243; header_font_size=\u00bb15px\u00bb header_letter_spacing=\u00bb3px\u00bb header_line_height=\u00bb1.4em\u00bb body_font=\u00bbLato||||||||\u00bb body_text_color=\u00bb#000000&#8243; body_font_size=\u00bb15px\u00bb body_line_height=\u00bb1.8em\u00bb background_enable_color=\u00bboff\u00bb background_layout=\u00bbdark\u00bb custom_margin=\u00bb22px|||||\u00bb custom_padding=\u00bb12px|12px|12px|12px|false|true\u00bb animation=\u00bboff\u00bb border_color_all=\u00bb#3c39e6&#8243; border_color_top=\u00bbrgba(0,0,0,0)\u00bb global_colors_info=\u00bb{}\u00bb]<p style=\"text-align: left;\"><span>Somos una buena empresa donde trabajar. Los compa\u00f1eros de oficina, de obra y subcontratas se sienten inspirados para dar cada d\u00eda lo mejor de s\u00ed mismos. Tratar a cada cliente como se merece, sin importar el tama\u00f1o de la obra. Comprender que detr\u00e1s de la persona hay una necesidad, y esa comprensi\u00f3n nos mueve para desarrollar nuestro m\u00e1ximo potencial para cumplir con las expectativas.<\/span><\/p>[\/et_pb_blurb][et_pb_blurb title=\u00bbVALORES:\u00bb image=\u00bbhttps:\/\/arquitud.es\/wp-content\/uploads\/2020\/12\/icon-medal.png\u00bb icon_placement=\u00bbleft\u00bb image_max_width=\u00bb51px\u00bb content_max_width=\u00bb100%\u00bb _builder_version=\u00bb4.7.7&#8243; header_font=\u00bbLato|700||on|||||\u00bb header_text_color=\u00bb#000000&#8243; header_font_size=\u00bb15px\u00bb header_letter_spacing=\u00bb3px\u00bb header_line_height=\u00bb1.4em\u00bb body_font=\u00bbLato||||||||\u00bb body_text_color=\u00bb#000000&#8243; body_font_size=\u00bb15px\u00bb body_line_height=\u00bb1.8em\u00bb background_enable_color=\u00bboff\u00bb background_layout=\u00bbdark\u00bb custom_margin=\u00bb22px|||||\u00bb custom_padding=\u00bb12px|12px|12px|12px|false|true\u00bb animation=\u00bboff\u00bb border_color_all=\u00bb#3c39e6&#8243; border_color_top=\u00bbrgba(0,0,0,0)\u00bb global_colors_info=\u00bb{}\u00bb]<p style=\"text-align: left;\"><b>Responsabilidad:<\/b><span>\u00a0Gracias a nuestra experiencia tenemos gran habilidad para responder ante cualquier situaci\u00f3n.<\/span><\/p>\n<p><b>Entusiasmo:<\/b><span>\u00a0Toda actuaci\u00f3n es la m\u00e1s importante para nosotros, sin importar su tama\u00f1o, nos gusta lo que hacemos y eso se nota.<\/span><\/p>\n<p><b>Sacrificio:<\/b><span>\u00a0Hacemos SAGRADO nuestro OFICIO, es la mejor forma de llegar a la excelencia.<\/span><\/p>\n<p><b>Transparencia:<\/b><span>\u00a0Cercan\u00eda con la Direcci\u00f3n Facultativa, clientes y proveedores, obras con plazos y precios sin sorpresas.<\/span><\/p>[\/et_pb_blurb][\/et_pb_column][\/et_pb_row][\/et_pb_section][et_pb_section fb_built=\u00bb1&#8243; custom_padding_last_edited=\u00bbon|phone\u00bb admin_label=\u00bbFeatures\u00bb _builder_version=\u00bb4.7.7&#8243; background_color=\u00bb#262d35&#8243; custom_padding=\u00bb70px|0px|70px|0px|true|\u00bb custom_padding_tablet=\u00bb\u00bb custom_padding_phone=\u00bb30px||30px||true|false\u00bb global_colors_info=\u00bb{}\u00bb][et_pb_row _builder_version=\u00bb3.25&#8243; custom_margin=\u00bb|||\u00bb global_colors_info=\u00bb{}\u00bb][et_pb_column type=\u00bb4_4&#8243; _builder_version=\u00bb3.25&#8243; custom_padding=\u00bb|||\u00bb global_colors_info=\u00bb{}\u00bb custom_padding__hover=\u00bb|||\u00bb][et_pb_text _builder_version=\u00bb4.7.7&#8243; text_font=\u00bbLato|700|||||||\u00bb text_text_color=\u00bb#898f99&#8243; text_font_size=\u00bb16px\u00bb text_line_height=\u00bb2em\u00bb header_font=\u00bb||||||||\u00bb header_2_font=\u00bbLato||||||||\u00bb header_2_text_color=\u00bb#6e157e\u00bb header_2_font_size=\u00bb50px\u00bb header_2_line_height=\u00bb1.5em\u00bb header_6_font=\u00bb|800|||||||\u00bb header_6_text_color=\u00bb#ffffff\u00bb header_6_font_size=\u00bb17px\u00bb header_6_letter_spacing=\u00bb5px\u00bb text_orientation=\u00bbcenter\u00bb max_width=\u00bb800px\u00bb module_alignment=\u00bbcenter\u00bb custom_padding=\u00bb||0px|||\u00bb text_line_height_tablet=\u00bb\u00bb text_line_height_phone=\u00bb1.4em\u00bb text_line_height_last_edited=\u00bbon|phone\u00bb header_2_font_size_tablet=\u00bb\u00bb header_2_font_size_phone=\u00bb26px\u00bb header_2_font_size_last_edited=\u00bbon|phone\u00bb locked=\u00bboff\u00bb global_colors_info=\u00bb{}\u00bb]<h6 style=\"text-align: center;\">PROYECTOS<\/h6>\n<h2 style=\"text-align: center;\">Trabajamos con Pasi\u00f3n<\/h2>\n<p style=\"text-align: center;\">Te invitamos a explorar y navegar por nuestros proyectos de construcci\u00f3n, reformas e interiorismo m\u00e1s destacados, as\u00ed podr\u00e1s ver con imagenes lo que podemos hacer.<\/p>[\/et_pb_text][\/et_pb_column][\/et_pb_row][\/et_pb_section][et_pb_section fb_built=\u00bb1&#8243; fullwidth=\u00bbon\u00bb _builder_version=\u00bb4.7.7&#8243; _module_preset=\u00bbdefault\u00bb global_colors_info=\u00bb{}\u00bb][et_pb_fullwidth_portfolio fullwidth=\u00bboff\u00bb include_categories=\u00bball\u00bb posts_number=\u00bb10&#8243; show_date=\u00bboff\u00bb zoom_icon_color=\u00bb#6e157e\u00bb _builder_version=\u00bb4.7.7&#8243; _module_preset=\u00bbdefault\u00bb portfolio_header_letter_spacing=\u00bb3px\u00bb portfolio_header_line_height=\u00bb1.3em\u00bb title_font=\u00bbLato|700|||||||\u00bb title_font_size=\u00bb16px\u00bb title_line_height=\u00bb1.4em\u00bb global_colors_info=\u00bb{}\u00bb][\/et_pb_fullwidth_portfolio][\/et_pb_section][et_pb_section fb_built=\u00bb1&#8243; custom_padding_last_edited=\u00bbon|phone\u00bb admin_label=\u00bbFeatures\u00bb _builder_version=\u00bb4.7.7&#8243; background_color=\u00bb#262d35&#8243; custom_padding=\u00bb9px|0px|9px|0px|true|\u00bb custom_padding_tablet=\u00bb\u00bb custom_padding_phone=\u00bb30px||30px||true|false\u00bb global_colors_info=\u00bb{}\u00bb][et_pb_row _builder_version=\u00bb3.25&#8243; custom_margin=\u00bb|||\u00bb global_colors_info=\u00bb{}\u00bb][et_pb_column type=\u00bb4_4&#8243; _builder_version=\u00bb3.25&#8243; custom_padding=\u00bb|||\u00bb global_colors_info=\u00bb{}\u00bb custom_padding__hover=\u00bb|||\u00bb][et_pb_button button_url=\u00bb\/proyectos\u00bb button_text=\u00bbVer todos los Proyectos\u00bb button_alignment=\u00bbcenter\u00bb _builder_version=\u00bb4.7.7&#8243; _module_preset=\u00bbdefault\u00bb custom_button=\u00bbon\u00bb button_text_color=\u00bb#ffffff\u00bb global_colors_info=\u00bb{}\u00bb button_bg_color__hover_enabled=\u00bboff|desktop\u00bb button_bg_color__hover=\u00bb#ffffff\u00bb button_bg_enable_color__hover=\u00bbon\u00bb button_text_color__hover_enabled=\u00bbon|hover\u00bb button_text_color__hover=\u00bb#6e157e\u00bb][\/et_pb_button][\/et_pb_column][\/et_pb_row][\/et_pb_section][et_pb_section fb_built=\u00bb1&#8243; custom_padding_last_edited=\u00bbon|phone\u00bb admin_label=\u00bb12 Days of Christmas &#8211; Day 03 Blog Module 1&#8243; module_class=\u00bbday3-blog day3-blog1&#8243; _builder_version=\u00bb4.7.7&#8243; background_color=\u00bb#f7f7f7&#8243; background_enable_image=\u00bboff\u00bb background_size=\u00bbcontain\u00bb background_position=\u00bbtop_center\u00bb custom_padding=\u00bb8vh||4vh|||\u00bb custom_padding_tablet=\u00bb\u00bb custom_padding_phone=\u00bb4vh||4vh||false|false\u00bb z_index_tablet=\u00bb500&#8243; box_shadow_horizontal_tablet=\u00bb0px\u00bb box_shadow_vertical_tablet=\u00bb0px\u00bb box_shadow_blur_tablet=\u00bb40px\u00bb box_shadow_spread_tablet=\u00bb0px\u00bb global_colors_info=\u00bb{}\u00bb][et_pb_row _builder_version=\u00bb4.6.5&#8243; _module_preset=\u00bbdefault\u00bb custom_padding=\u00bb||27px|||\u00bb global_colors_info=\u00bb{}\u00bb][et_pb_column type=\u00bb4_4&#8243; _builder_version=\u00bb4.6.5&#8243; _module_preset=\u00bbdefault\u00bb global_colors_info=\u00bb{}\u00bb][et_pb_text _builder_version=\u00bb4.7.7&#8243; text_font=\u00bbMontserrat||||||||\u00bb text_text_color=\u00bb#898f99&#8243; text_font_size=\u00bb16px\u00bb text_line_height=\u00bb2em\u00bb header_font=\u00bb||||||||\u00bb header_2_font=\u00bbLato|700|||||||\u00bb header_2_text_color=\u00bb#6e157e\u00bb header_2_font_size=\u00bb50px\u00bb header_2_line_height=\u00bb1.5em\u00bb header_6_font=\u00bbMontserrat||||||||\u00bb header_6_letter_spacing=\u00bb9px\u00bb text_orientation=\u00bbcenter\u00bb max_width=\u00bb800px\u00bb module_alignment=\u00bbcenter\u00bb custom_margin=\u00bb||50px|||\u00bb custom_padding=\u00bb||0px|||\u00bb header_2_font_size_tablet=\u00bb\u00bb header_2_font_size_phone=\u00bb33px\u00bb header_2_font_size_last_edited=\u00bbon|phone\u00bb locked=\u00bboff\u00bb global_colors_info=\u00bb{}\u00bb]<h6 style=\"text-align: center;\">BLOG<\/h6>\n<h2 style=\"text-align: center;\">\u00daltimas Noticias<\/h2>\n<p style=\"text-align: center;\"><span>Informaci\u00f3n, curiosidades y novedades de todo lo que rodea al mundo ARquitud.<\/span><\/p>[\/et_pb_text][et_pb_blog fullwidth=\u00bboff\u00bb posts_number=\u00bb3&#8243; include_categories=\u00bball\u00bb meta_date=\u00bbj M, Y\u00bb show_author=\u00bboff\u00bb show_categories=\u00bboff\u00bb show_pagination=\u00bboff\u00bb _builder_version=\u00bb4.7.7&#8243; _module_preset=\u00bbdefault\u00bb header_font=\u00bbLato|700|||||||\u00bb header_text_color=\u00bb#000000&#8243; header_font_size=\u00bb14px\u00bb header_letter_spacing=\u00bb1px\u00bb header_line_height=\u00bb1.4em\u00bb body_font=\u00bb||||||||\u00bb body_text_color=\u00bb#686868&#8243; body_line_height=\u00bb1.9em\u00bb meta_font=\u00bbLato|600||on|||||\u00bb meta_text_color=\u00bb#6e157e\u00bb meta_font_size=\u00bb12px\u00bb meta_letter_spacing=\u00bb1px\u00bb meta_line_height=\u00bb2em\u00bb read_more_font=\u00bbRubik|||on|||||\u00bb read_more_text_color=\u00bb#42ab44&#8243; read_more_font_size=\u00bb12px\u00bb read_more_letter_spacing=\u00bb1px\u00bb header_font_size_tablet=\u00bb\u00bb header_font_size_phone=\u00bb13px\u00bb header_font_size_last_edited=\u00bbon|phone\u00bb border_width_all=\u00bb0px\u00bb box_shadow_style=\u00bbpreset1&#8243; box_shadow_color=\u00bbrgba(115,13,224,0.1)\u00bb global_colors_info=\u00bb{}\u00bb][\/et_pb_blog][et_pb_button button_url=\u00bb\/noticias\u00bb button_text=\u00bbVer m\u00e1s Noticias\u00bb button_alignment=\u00bbcenter\u00bb _builder_version=\u00bb4.7.7&#8243; _module_preset=\u00bbdefault\u00bb global_colors_info=\u00bb{}\u00bb][\/et_pb_button][\/et_pb_column][\/et_pb_row][\/et_pb_section]\n","protected":false},"excerpt":{"rendered":"<p>Obra nueva en Granada y Marbella Construcci\u00f3n de viviendas de obra nueva en Granada y Marbella Arquitud ofrece opciones de construcci\u00f3n de viviendas, pisos y casas de obra nueva en Granada y Marbella para todos los gustos y necesidades. Arquitud es un equipo de profesionales especializados en las obras de construcci\u00f3n de edificaci\u00f3n, tales como [&hellip;]<\/p>\n","protected":false},"author":1,"featured_media":0,"parent":0,"menu_order":0,"comment_status":"closed","ping_status":"closed","template":"","meta":{"_acf_changed":false,"_et_pb_use_builder":"on","_et_pb_old_content":"","_et_gb_content_width":"","footnotes":""},"class_list":["post-274029","page","type-page","status-publish","hentry"],"acf":[],"yoast_head":"<!-- This site is optimized with the Yoast SEO plugin v27.3 - https:\/\/yoast.com\/product\/yoast-seo-wordpress\/ -->\n<title>Obra nueva en Granada y Marbella | Pisos y Casas | Arquitud<\/title>\n<meta name=\"description\" content=\"Construcci\u00f3n de obra nueva en Granada y Marbella, Casas y pisos de obra nueva | Arquitud\" \/>\n<meta name=\"robots\" content=\"index, follow, max-snippet:-1, max-image-preview:large, max-video-preview:-1\" \/>\n<link rel=\"canonical\" href=\"https:\/\/arquitud.es\/?page_id=274029\" \/>\n<meta property=\"og:locale\" content=\"es_ES\" \/>\n<meta property=\"og:type\" content=\"article\" \/>\n<meta property=\"og:title\" content=\"Obra nueva en Granada y Marbella | Pisos y Casas | Arquitud\" \/>\n<meta property=\"og:description\" content=\"Construcci\u00f3n de obra nueva en Granada y Marbella, Casas y pisos de obra nueva | Arquitud\" \/>\n<meta property=\"og:url\" content=\"https:\/\/arquitud.es\/?page_id=274029\" \/>\n<meta property=\"og:site_name\" content=\"ARquitud Constructora\" \/>\n<meta property=\"article:modified_time\" content=\"2021-10-03T10:22:19+00:00\" \/>\n<meta name=\"twitter:card\" content=\"summary_large_image\" \/>\n<meta name=\"twitter:label1\" content=\"Tiempo de lectura\" \/>\n\t<meta name=\"twitter:data1\" content=\"5 minutos\" \/>\n<script type=\"application\/ld+json\" class=\"yoast-schema-graph\">{\"@context\":\"https:\\\/\\\/schema.org\",\"@graph\":[{\"@type\":\"WebPage\",\"@id\":\"https:\\\/\\\/arquitud.es\\\/?page_id=274029\",\"url\":\"https:\\\/\\\/arquitud.es\\\/?page_id=274029\",\"name\":\"Obra nueva en Granada y Marbella | Pisos y Casas | Arquitud\",\"isPartOf\":{\"@id\":\"https:\\\/\\\/arquitud.es\\\/#website\"},\"datePublished\":\"2021-10-03T10:14:32+00:00\",\"dateModified\":\"2021-10-03T10:22:19+00:00\",\"description\":\"Construcci\u00f3n de obra nueva en Granada y Marbella, Casas y pisos de obra nueva | Arquitud\",\"breadcrumb\":{\"@id\":\"https:\\\/\\\/arquitud.es\\\/?page_id=274029#breadcrumb\"},\"inLanguage\":\"es\",\"potentialAction\":[{\"@type\":\"ReadAction\",\"target\":[\"https:\\\/\\\/arquitud.es\\\/?page_id=274029\"]}]},{\"@type\":\"BreadcrumbList\",\"@id\":\"https:\\\/\\\/arquitud.es\\\/?page_id=274029#breadcrumb\",\"itemListElement\":[{\"@type\":\"ListItem\",\"position\":1,\"name\":\"Portada\",\"item\":\"https:\\\/\\\/arquitud.es\\\/\"},{\"@type\":\"ListItem\",\"position\":2,\"name\":\"Obra nueva\"}]},{\"@type\":\"WebSite\",\"@id\":\"https:\\\/\\\/arquitud.es\\\/#website\",\"url\":\"https:\\\/\\\/arquitud.es\\\/\",\"name\":\"ARquitud Constructora\",\"description\":\"Construye tus Sue\u00f1os\",\"potentialAction\":[{\"@type\":\"SearchAction\",\"target\":{\"@type\":\"EntryPoint\",\"urlTemplate\":\"https:\\\/\\\/arquitud.es\\\/?s={search_term_string}\"},\"query-input\":{\"@type\":\"PropertyValueSpecification\",\"valueRequired\":true,\"valueName\":\"search_term_string\"}}],\"inLanguage\":\"es\"}]}<\/script>\n<!-- \/ Yoast SEO plugin. -->","yoast_head_json":{"title":"Obra nueva en Granada y Marbella | Pisos y Casas | Arquitud","description":"Construcci\u00f3n de obra nueva en Granada y Marbella, Casas y pisos de obra nueva | Arquitud","robots":{"index":"index","follow":"follow","max-snippet":"max-snippet:-1","max-image-preview":"max-image-preview:large","max-video-preview":"max-video-preview:-1"},"canonical":"https:\/\/arquitud.es\/?page_id=274029","og_locale":"es_ES","og_type":"article","og_title":"Obra nueva en Granada y Marbella | Pisos y Casas | Arquitud","og_description":"Construcci\u00f3n de obra nueva en Granada y Marbella, Casas y pisos de obra nueva | Arquitud","og_url":"https:\/\/arquitud.es\/?page_id=274029","og_site_name":"ARquitud Constructora","article_modified_time":"2021-10-03T10:22:19+00:00","twitter_card":"summary_large_image","twitter_misc":{"Tiempo de lectura":"5 minutos"},"schema":{"@context":"https:\/\/schema.org","@graph":[{"@type":"WebPage","@id":"https:\/\/arquitud.es\/?page_id=274029","url":"https:\/\/arquitud.es\/?page_id=274029","name":"Obra nueva en Granada y Marbella | Pisos y Casas | Arquitud","isPartOf":{"@id":"https:\/\/arquitud.es\/#website"},"datePublished":"2021-10-03T10:14:32+00:00","dateModified":"2021-10-03T10:22:19+00:00","description":"Construcci\u00f3n de obra nueva en Granada y Marbella, Casas y pisos de obra nueva | Arquitud","breadcrumb":{"@id":"https:\/\/arquitud.es\/?page_id=274029#breadcrumb"},"inLanguage":"es","potentialAction":[{"@type":"ReadAction","target":["https:\/\/arquitud.es\/?page_id=274029"]}]},{"@type":"BreadcrumbList","@id":"https:\/\/arquitud.es\/?page_id=274029#breadcrumb","itemListElement":[{"@type":"ListItem","position":1,"name":"Portada","item":"https:\/\/arquitud.es\/"},{"@type":"ListItem","position":2,"name":"Obra nueva"}]},{"@type":"WebSite","@id":"https:\/\/arquitud.es\/#website","url":"https:\/\/arquitud.es\/","name":"ARquitud Constructora","description":"Construye tus Sue\u00f1os","potentialAction":[{"@type":"SearchAction","target":{"@type":"EntryPoint","urlTemplate":"https:\/\/arquitud.es\/?s={search_term_string}"},"query-input":{"@type":"PropertyValueSpecification","valueRequired":true,"valueName":"search_term_string"}}],"inLanguage":"es"}]}},"_links":{"self":[{"href":"https:\/\/arquitud.es\/index.php?rest_route=\/wp\/v2\/pages\/274029","targetHints":{"allow":["GET"]}}],"collection":[{"href":"https:\/\/arquitud.es\/index.php?rest_route=\/wp\/v2\/pages"}],"about":[{"href":"https:\/\/arquitud.es\/index.php?rest_route=\/wp\/v2\/types\/page"}],"author":[{"embeddable":true,"href":"https:\/\/arquitud.es\/index.php?rest_route=\/wp\/v2\/users\/1"}],"replies":[{"embeddable":true,"href":"https:\/\/arquitud.es\/index.php?rest_route=%2Fwp%2Fv2%2Fcomments&post=274029"}],"version-history":[{"count":7,"href":"https:\/\/arquitud.es\/index.php?rest_route=\/wp\/v2\/pages\/274029\/revisions"}],"predecessor-version":[{"id":274043,"href":"https:\/\/arquitud.es\/index.php?rest_route=\/wp\/v2\/pages\/274029\/revisions\/274043"}],"wp:attachment":[{"href":"https:\/\/arquitud.es\/index.php?rest_route=%2Fwp%2Fv2%2Fmedia&parent=274029"}],"curies":[{"name":"wp","href":"https:\/\/api.w.org\/{rel}","templated":true}]}}